{"id":233,"date":"2024-06-27T12:17:20","date_gmt":"2024-06-27T12:17:20","guid":{"rendered":"https:\/\/la-rioja.eu\/?page_id=233"},"modified":"2024-07-16T17:26:36","modified_gmt":"2024-07-16T17:26:36","slug":"datenschutz","status":"publish","type":"page","link":"https:\/\/la-rioja.eu\/fr\/datenschutz\/","title":{"rendered":"Protection des donn\u00e9es"},"content":{"rendered":"<div data-elementor-type=\"wp-page\" data-elementor-id=\"233\" class=\"elementor elementor-233\">\n\t\t\t\t<div class=\"elementor-element elementor-element-f78ad6e e-flex e-con-boxed e-con e-parent\" data-id=\"f78ad6e\" data-element_type=\"container\">\n\t\t\t\t\t<div class=\"e-con-inner\">\n\t\t\t\t<div class=\"elementor-element elementor-element-24142ad elementor-widget__width-inherit elementor-widget elementor-widget-heading\" data-id=\"24142ad\" data-element_type=\"widget\" data-widget_type=\"heading.default\">\n\t\t\t\t<div class=\"elementor-widget-container\">\n\t\t\t<h1 class=\"elementor-heading-title elementor-size-default\">D\u00e9claration de confidentialit\u00e9<\/h1>\t\t<\/div>\n\t\t\t\t<\/div>\n\t\t\t\t\t<\/div>\n\t\t\t\t<\/div>\n\t\t<div class=\"elementor-element elementor-element-2bf8fda e-flex e-con-boxed e-con e-parent\" data-id=\"2bf8fda\" data-element_type=\"container\">\n\t\t\t\t\t<div class=\"e-con-inner\">\n\t\t\t\t<div class=\"elementor-element elementor-element-195a8c9 elementor-widget elementor-widget-html\" data-id=\"195a8c9\" data-element_type=\"widget\" data-widget_type=\"html.default\">\n\t\t\t\t<div class=\"elementor-widget-container\">\n\t\t\t<h1>D\u00e9claration de confidentialit\u00e9<\/h1>\r\n<h2>1. la protection des donn\u00e9es en un coup d'\u0153il<\/h2>\r\n<h3>Remarques g\u00e9n\u00e9rales<\/h3> <p>Les indications suivantes donnent un aper\u00e7u simple de ce qui se passe avec vos donn\u00e9es personnelles lorsque vous visitez ce site web. Les donn\u00e9es personnelles sont toutes les donn\u00e9es qui permettent de vous identifier personnellement. Vous trouverez des informations d\u00e9taill\u00e9es sur le th\u00e8me de la protection des donn\u00e9es dans notre d\u00e9claration de protection des donn\u00e9es figurant sous ce texte.<\/p>\r\n<h3>Collecte de donn\u00e9es sur ce site web<\/h3> <h4>Qui est responsable de la collecte des donn\u00e9es sur ce site ?<\/h4> <p>Le traitement des donn\u00e9es sur ce site web est effectu\u00e9 par l'exploitant du site web. Vous trouverez les coordonn\u00e9es de ce dernier dans la section \"Informations sur le responsable du traitement\" de la pr\u00e9sente d\u00e9claration de protection des donn\u00e9es.<\/p> <h4>Comment recueillons-nous vos donn\u00e9es ?<\/h4> <p>Vos donn\u00e9es sont collect\u00e9es, d'une part, lorsque vous nous les communiquez. Il peut s'agir, par exemple, de donn\u00e9es que vous saisissez dans un formulaire de contact.<\/p> <p>D'autres donn\u00e9es sont collect\u00e9es automatiquement ou apr\u00e8s votre accord par nos syst\u00e8mes informatiques lorsque vous visitez le site web. Il s'agit principalement de donn\u00e9es techniques (par exemple, le navigateur Internet, le syst\u00e8me d'exploitation ou l'heure de consultation de la page). La saisie de ces donn\u00e9es s'effectue automatiquement d\u00e8s que vous acc\u00e9dez \u00e0 ce site web.<\/p> <h4>\u00c0 quelles fins utilisons-nous vos donn\u00e9es ?<\/h4> <p>Une partie des donn\u00e9es est collect\u00e9e afin de garantir une mise \u00e0 disposition sans erreur du site web. D'autres donn\u00e9es peuvent \u00eatre utilis\u00e9es pour analyser votre comportement d'utilisateur.<\/p> <h4>Quels sont vos droits concernant vos donn\u00e9es ?<\/h4> <p>Vous avez \u00e0 tout moment le droit d'obtenir gratuitement des informations sur l'origine, le destinataire et la finalit\u00e9 de vos donn\u00e9es personnelles enregistr\u00e9es. Vous avez \u00e9galement le droit d'exiger la rectification ou la suppression de ces donn\u00e9es. Si vous avez donn\u00e9 votre consentement au traitement des donn\u00e9es, vous pouvez \u00e0 tout moment r\u00e9voquer ce consentement pour l'avenir. Vous avez \u00e9galement le droit de demander la limitation du traitement de vos donn\u00e9es personnelles dans certaines circonstances. En outre, vous disposez d'un droit de recours aupr\u00e8s de l'autorit\u00e9 de surveillance comp\u00e9tente.<\/p> <p>Vous pouvez nous contacter \u00e0 tout moment \u00e0 ce sujet ou pour toute autre question relative \u00e0 la protection des donn\u00e9es.<\/p>\r\n<h2>2. l'h\u00e9bergement<\/h2>\r\n<p>Nous h\u00e9bergeons le contenu de notre site web chez le fournisseur suivant :<\/p>\r\n<h3>Strato<\/h3> <p>Le fournisseur est Strato AG, Otto-Ostrowski-Stra\u00dfe 7, 10249 Berlin (ci-apr\u00e8s \"Strato\"). Lorsque vous visitez notre site web, Strato collecte diff\u00e9rents fichiers journaux, y compris vos adresses IP.<\/p> <p>Pour plus d'informations, veuillez consulter la d\u00e9claration de confidentialit\u00e9 de Strato : <a href=\"https:\/\/www.strato.de\/datenschutz\/\" target=\"_blank\" rel=\"noopener noreferrer\">https:\/\/www.strato.de\/datenschutz\/<\/a>.<\/p> <p>L'utilisation de Strato est bas\u00e9e sur l'article 6, paragraphe 1, point f du RGPD. Nous avons un int\u00e9r\u00eat l\u00e9gitime \u00e0 ce que notre site web soit pr\u00e9sent\u00e9 de la mani\u00e8re la plus fiable possible. Dans la mesure o\u00f9 un consentement correspondant a \u00e9t\u00e9 demand\u00e9, le traitement s'effectue exclusivement sur la base de l'article 6, paragraphe 1, point a), du RGPD et de l'article 25, paragraphe 1, de la loi TDDDG, dans la mesure o\u00f9 le consentement inclut le stockage de cookies ou l'acc\u00e8s \u00e0 des informations dans le terminal de l'utilisateur (par ex. Device-Fingerprinting) au sens de la loi TDDDG. Le consentement est r\u00e9vocable \u00e0 tout moment.<\/p>\r\n\r\n<h4>Traitement des commandes<\/h4> <p>Nous avons conclu un contrat de traitement des commandes (CTP) pour l'utilisation du service susmentionn\u00e9. Il s'agit d'un contrat prescrit par la l\u00e9gislation sur la protection des donn\u00e9es, qui garantit que celui-ci traite les donn\u00e9es personnelles des visiteurs de notre site web uniquement selon nos instructions et dans le respect du RGPD.<\/p>\r\n<h2>3. indications g\u00e9n\u00e9rales et informations obligatoires<\/h2>\r\n<h3>Protection des donn\u00e9es<\/h3> <p>Les exploitants de ces pages prennent la protection de vos donn\u00e9es personnelles tr\u00e8s au s\u00e9rieux. Nous traitons vos donn\u00e9es personnelles de mani\u00e8re confidentielle et conform\u00e9ment aux dispositions l\u00e9gales en mati\u00e8re de protection des donn\u00e9es ainsi qu'\u00e0 la pr\u00e9sente d\u00e9claration de protection des donn\u00e9es.<\/p> <p>Lorsque vous utilisez ce site web, diverses donn\u00e9es personnelles sont collect\u00e9es. Les donn\u00e9es personnelles sont des donn\u00e9es qui permettent de vous identifier personnellement. La pr\u00e9sente d\u00e9claration de confidentialit\u00e9 explique quelles donn\u00e9es nous collectons et \u00e0 quelles fins nous les utilisons. Elle explique \u00e9galement comment et dans quel but nous le faisons.<\/p> <p>Nous attirons votre attention sur le fait que la transmission de donn\u00e9es sur Internet (par ex. lors de la communication par e-mail) peut pr\u00e9senter des failles de s\u00e9curit\u00e9. Une protection compl\u00e8te des donn\u00e9es contre l'acc\u00e8s par des tiers n'est pas possible.<\/p>\r\n<h3>Remarque sur le service responsable<\/h3> <p>Le responsable du traitement des donn\u00e9es sur ce site est :<\/p> <p>La-Rioja<br \/>\r\n32 Route de Sarrelouis<br \/>\r\n<br \/>\r\n57320 Schreckling<\/p>\r\n\r\n<p>T\u00e9l\u00e9phone : +491606800686<br \/>\r\nE-Mail: info@la-rioja.eu<\/p>\r\n <p>Le responsable du traitement est la personne physique ou morale qui, seule ou conjointement avec d'autres, d\u00e9termine les finalit\u00e9s et les moyens du traitement des donn\u00e9es \u00e0 caract\u00e8re personnel (par exemple, les noms, les adresses \u00e9lectroniques ou autres).<\/p>\r\n\r\n<h3>Dur\u00e9e de stockage<\/h3> <p>Dans la mesure o\u00f9 aucune dur\u00e9e de stockage sp\u00e9cifique n'a \u00e9t\u00e9 mentionn\u00e9e dans la pr\u00e9sente d\u00e9claration de protection des donn\u00e9es, vos donn\u00e9es \u00e0 caract\u00e8re personnel restent chez nous jusqu'\u00e0 ce que la finalit\u00e9 du traitement des donn\u00e9es n'ait plus lieu d'\u00eatre. Si vous faites valoir une demande l\u00e9gitime d'effacement ou si vous r\u00e9voquez votre consentement au traitement des donn\u00e9es, vos donn\u00e9es seront effac\u00e9es, \u00e0 moins que nous n'ayons d'autres raisons l\u00e9galement valables de conserver vos donn\u00e9es personnelles (par exemple, des d\u00e9lais de conservation en vertu du droit fiscal ou commercial) ; dans ce dernier cas, l'effacement aura lieu apr\u00e8s la disparition de ces raisons.<\/p>\r\n<h3>Informations g\u00e9n\u00e9rales sur les bases juridiques du traitement des donn\u00e9es sur ce site web<\/h3> <p>Si vous avez donn\u00e9 votre consentement au traitement des donn\u00e9es, nous traitons vos donn\u00e9es personnelles sur la base de l'article 6, paragraphe 1, point a) du RGPD ou de l'article 9, paragraphe 2, point a) du RGPD, dans la mesure o\u00f9 des cat\u00e9gories particuli\u00e8res de donn\u00e9es sont trait\u00e9es conform\u00e9ment \u00e0 l'article 9, paragraphe 1 du RGPD. En cas de consentement explicite au transfert de donn\u00e9es \u00e0 caract\u00e8re personnel vers des pays tiers, le traitement des donn\u00e9es s'effectue en outre sur la base de l'article 49, paragraphe 1, point a) du RGPD. Si vous avez consenti \u00e0 l'enregistrement de cookies ou \u00e0 l'acc\u00e8s \u00e0 des informations dans votre terminal (par ex. via Device-Fingerprinting), le traitement des donn\u00e9es s'effectue en outre sur la base de l'article 25, paragraphe 1, de la loi TDDDG. Ce consentement est r\u00e9vocable \u00e0 tout moment. Si vos donn\u00e9es sont n\u00e9cessaires \u00e0 l'ex\u00e9cution d'un contrat ou \u00e0 la mise en \u0153uvre de mesures pr\u00e9contractuelles, nous traitons vos donn\u00e9es sur la base de l'article 6, paragraphe 1, point b), du RGPD. En outre, nous traitons vos donn\u00e9es si elles sont n\u00e9cessaires pour remplir une obligation l\u00e9gale sur la base de l'article 6, paragraphe 1, point c) du RGPD. Le traitement des donn\u00e9es peut \u00e9galement \u00eatre effectu\u00e9 sur la base de notre int\u00e9r\u00eat l\u00e9gitime conform\u00e9ment \u00e0 l'article 6, paragraphe 1, point f), du RGPD. Les paragraphes suivants de la pr\u00e9sente d\u00e9claration de protection des donn\u00e9es informent sur les bases juridiques applicables dans chaque cas.<\/p>\r\n<h3>Destinataires des donn\u00e9es \u00e0 caract\u00e8re personnel<\/h3> <p>Dans le cadre de nos activit\u00e9s commerciales, nous collaborons avec diff\u00e9rents services externes. Dans ce cadre, il est parfois n\u00e9cessaire de transmettre des donn\u00e9es \u00e0 caract\u00e8re personnel \u00e0 ces organismes externes. Nous ne transmettons des donn\u00e9es \u00e0 caract\u00e8re personnel \u00e0 des organismes externes que si cela est n\u00e9cessaire dans le cadre de l'ex\u00e9cution d'un contrat, si nous y sommes contraints par la loi (par ex. transmission de donn\u00e9es aux autorit\u00e9s fiscales), si nous avons un int\u00e9r\u00eat l\u00e9gitime \u00e0 la transmission conform\u00e9ment \u00e0 l'article 6, paragraphe 1, point f), du RGPD ou si une autre base juridique permet la transmission des donn\u00e9es. En cas de recours \u00e0 des sous-traitants, nous ne transmettons les donn\u00e9es \u00e0 caract\u00e8re personnel de nos clients que sur la base d'un contrat de traitement des commandes valable. En cas de traitement conjoint, un contrat de traitement conjoint est conclu.<\/p>\r\n<h3>R\u00e9vocation de votre consentement au traitement des donn\u00e9es<\/h3> <p>De nombreuses op\u00e9rations de traitement des donn\u00e9es ne sont possibles qu'avec votre consentement explicite. Vous pouvez r\u00e9voquer \u00e0 tout moment un consentement d\u00e9j\u00e0 donn\u00e9. La l\u00e9galit\u00e9 du traitement des donn\u00e9es effectu\u00e9 jusqu'\u00e0 la r\u00e9vocation n'est pas affect\u00e9e par la r\u00e9vocation.<\/p>\r\n<h3>Droit d'opposition \u00e0 la collecte de donn\u00e9es dans des cas particuliers ainsi qu'\u00e0 la publicit\u00e9 directe (art. 21 RGPD)<\/h3> <p>LORSQUE LE TRAITEMENT DES DONN\u00c9ES EST EFFECTU\u00c9 SUR LA BASE DE L'ART. 6 ABS. 1 LIT. E OU F DU RGPD, VOUS AVEZ LE DROIT DE VOUS OPPOSER \u00c0 TOUT MOMENT, POUR DES RAISONS TENANT \u00c0 VOTRE SITUATION PARTICULI\u00c8RE, AU TRAITEMENT DE VOS DONN\u00c9ES PERSONNELLES ; CECI S'APPLIQUE \u00c9GALEMENT AU PROFILAGE FOND\u00c9 SUR CES DISPOSITIONS. VOUS TROUVEREZ DANS LA PR\u00c9SENTE D\u00c9CLARATION DE PROTECTION DES DONN\u00c9ES LES BASES JURIDIQUES RESPECTIVES SUR LESQUELLES SE FONDE UN TRAITEMENT. SI VOUS VOUS Y OPPOSEZ, NOUS NE TRAITERONS PLUS VOS DONN\u00c9ES PERSONNELLES CONCERN\u00c9ES, \u00c0 MOINS QUE NOUS NE PUISSIONS D\u00c9MONTRER DES MOTIFS IMP\u00c9RIEUX ET L\u00c9GITIMES POUR LE TRAITEMENT QUI PR\u00c9VALENT SUR VOS INT\u00c9R\u00caTS, VOS DROITS ET VOS LIBERT\u00c9S, OU QUE LE TRAITEMENT SERVE \u00c0 FAIRE VALOIR, \u00c0 EXERCER OU \u00c0 D\u00c9FENDRE DES DROITS EN JUSTICE (OPPOSITION \u00c0 L'ARTICLE 21, PARAGRAPHE 1, DU RGPD).<\/p> <p>WERDEN IHRE PERSONENBEZOGENEN DATEN VERARBEITET, UM DIREKTWERBUNG ZU BETREIBEN, SO HABEN SIE DAS RECHT, JEDERZEIT WIDERSPRUCH GEGEN DIE VERARBEITUNG SIE BETREFFENDER PERSONENBEZOGENER DATEN ZUM ZWECKE DERARTIGER WERBUNG EINZULEGEN; DIES GILT AUCH F&Uuml;R DAS PROFILING, SOWEIT ES MIT SOLCHER DIREKTWERBUNG IN VERBINDUNG STEHT. WENN SIE WIDERSPRECHEN, WERDEN IHRE PERSONENBEZOGENEN DATEN ANSCHLIESSEND NICHT MEHR ZUM ZWECKE DER DIREKTWERBUNG VERWENDET (WIDERSPRUCH NACH ART. 21 ABS. 2 DSGVO).<\/p>\r\n<h3>Droit de recours aupr\u00e8s de l'autorit\u00e9 de surveillance comp\u00e9tente<\/h3> <p>En cas de violation du RGPD, les personnes concern\u00e9es disposent d'un droit de recours aupr\u00e8s d'une autorit\u00e9 de contr\u00f4le, notamment dans l'\u00c9tat membre de leur r\u00e9sidence habituelle, de leur lieu de travail ou du lieu de la violation pr\u00e9sum\u00e9e. Ce droit de recours s'exerce sans pr\u00e9judice des autres voies de recours administratives ou judiciaires.<\/p>\r\n<h3>Droit \u00e0 la portabilit\u00e9 des donn\u00e9es<\/h3> <p>Vous avez le droit de vous faire remettre ou de faire remettre \u00e0 un tiers, dans un format courant et lisible par machine, les donn\u00e9es que nous traitons de mani\u00e8re automatis\u00e9e sur la base de votre consentement ou en ex\u00e9cution d'un contrat. Si vous demandez la transmission directe des donn\u00e9es \u00e0 un autre responsable, cela ne se fera que dans la mesure o\u00f9 cela est techniquement possible.<\/p>\r\n<h3>Acc\u00e8s, rectification et suppression<\/h3> <p>Dans le cadre des dispositions l\u00e9gales en vigueur, vous avez \u00e0 tout moment le droit d'obtenir gratuitement des informations sur vos donn\u00e9es personnelles enregistr\u00e9es, leur origine et leur destinataire ainsi que sur la finalit\u00e9 du traitement des donn\u00e9es et, le cas \u00e9ch\u00e9ant, un droit de rectification ou de suppression de ces donn\u00e9es. Pour ce faire, ainsi que pour toute autre question relative aux donn\u00e9es personnelles, vous pouvez nous contacter \u00e0 tout moment.<\/p>\r\n<h3>Droit \u00e0 la limitation du traitement<\/h3> <p>Vous avez le droit de demander la limitation du traitement de vos donn\u00e9es personnelles. Pour ce faire, vous pouvez nous contacter \u00e0 tout moment. Le droit \u00e0 la limitation du traitement existe dans les cas suivants :<\/p> <ul> <li>Si vous contestez l'exactitude de vos donn\u00e9es \u00e0 caract\u00e8re personnel enregistr\u00e9es chez nous, nous avons g\u00e9n\u00e9ralement besoin de temps pour le v\u00e9rifier. Pendant la dur\u00e9e de la v\u00e9rification, vous avez le droit de demander la limitation du traitement de vos donn\u00e9es \u00e0 caract\u00e8re personnel.<\/li> <li>Si le traitement de vos donn\u00e9es personnelles s'est produit\/se produit de mani\u00e8re ill\u00e9gale, vous pouvez demander la limitation du traitement des donn\u00e9es au lieu de leur suppression.<\/li> <li>Si nous n'avons plus besoin de vos donn\u00e9es \u00e0 caract\u00e8re personnel, mais que vous en avez besoin pour exercer, d\u00e9fendre ou faire valoir des droits juridiques, vous avez le droit de demander la limitation du traitement de vos donn\u00e9es \u00e0 caract\u00e8re personnel au lieu de leur suppression.<\/li> <li>Si vous avez fait opposition conform\u00e9ment \u00e0 l'article 21, paragraphe 1, du DSGVO, une mise en balance de vos int\u00e9r\u00eats et des n\u00f4tres doit \u00eatre effectu\u00e9e. Tant qu'il n'a pas \u00e9t\u00e9 d\u00e9termin\u00e9 quels int\u00e9r\u00eats pr\u00e9valent, vous avez le droit d'exiger la limitation du traitement de vos donn\u00e9es personnelles.<\/li> <\/ul> <p>Si vous avez limit\u00e9 le traitement de vos donn\u00e9es \u00e0 caract\u00e8re personnel, ces donn\u00e9es - \u00e0 l'exception de leur conservation - ne peuvent \u00eatre trait\u00e9es qu'avec votre consentement ou pour la constatation, l'exercice ou la d\u00e9fense de droits en justice ou pour la protection des droits d'une autre personne physique ou morale, ou encore pour un motif d'int\u00e9r\u00eat public important de l'Union europ\u00e9enne ou d'un \u00c9tat membre.<\/p>\r\n<h3>Chiffrement SSL ou TLS<\/h3> <p>Pour des raisons de s\u00e9curit\u00e9 et afin de prot\u00e9ger la transmission de contenus confidentiels, comme par exemple les commandes ou les demandes que vous nous envoyez en tant qu'exploitant du site, ce site utilise un cryptage SSL ou TLS. Vous reconnaissez une connexion crypt\u00e9e au fait que la ligne d'adresse du navigateur passe de \"http:\/\/\" \u00e0 \"https:\/\/\" et au symbole du cadenas dans la ligne de votre navigateur.<\/p> <p>Si le cryptage SSL ou TLS est activ\u00e9, les donn\u00e9es que vous nous transmettez ne peuvent pas \u00eatre lues par des tiers.<\/p>\r\n<h2>4. collecte de donn\u00e9es sur ce site web<\/h2>\r\n<h3>Cookies<\/h3> <p>Nos pages Internet utilisent ce que l'on appelle des \"cookies\". Les cookies sont de petits paquets de donn\u00e9es qui ne causent aucun dommage \u00e0 votre terminal. Ils sont enregistr\u00e9s sur votre terminal soit temporairement pour la dur\u00e9e d'une session (cookies de session), soit durablement (cookies permanents). Les cookies de session sont automatiquement supprim\u00e9s \u00e0 la fin de votre visite. Les cookies permanents restent enregistr\u00e9s sur votre terminal jusqu'\u00e0 ce que vous les supprimiez vous-m\u00eame ou qu'une suppression automatique soit effectu\u00e9e par votre navigateur web.<\/p> <p>Les cookies peuvent provenir de nous (cookies de premi\u00e8re partie) ou d'entreprises tierces (cookies dits de troisi\u00e8me partie). Les cookies tiers permettent d'int\u00e9grer certains services d'entreprises tierces au sein des pages web (par exemple, des cookies pour le traitement des services de paiement).<\/p> <p>Les cookies ont diff\u00e9rentes fonctions. De nombreux cookies sont techniquement n\u00e9cessaires, car certaines fonctions du site web ne fonctionneraient pas sans eux (par exemple la fonction de panier d'achat ou l'affichage de vid\u00e9os). D'autres cookies peuvent \u00eatre utilis\u00e9s pour \u00e9valuer le comportement des utilisateurs ou \u00e0 des fins publicitaires.<\/p> <p>Les cookies n\u00e9cessaires \u00e0 l'ex\u00e9cution du processus de communication \u00e9lectronique, \u00e0 la mise \u00e0 disposition de certaines fonctions que vous souhaitez (par ex. pour la fonction de panier d'achat) ou \u00e0 l'optimisation du site web (par ex. cookies de mesure d'audience web) (cookies n\u00e9cessaires) sont enregistr\u00e9s sur la base de l'article 6, paragraphe 1, point f du RGPD, sauf si une autre base juridique est indiqu\u00e9e. L'exploitant du site web a un int\u00e9r\u00eat l\u00e9gitime \u00e0 l'enregistrement des cookies n\u00e9cessaires pour une mise \u00e0 disposition de ses services sans erreur technique et optimis\u00e9e. Si un consentement a \u00e9t\u00e9 demand\u00e9 pour le stockage de cookies et de technologies de reconnaissance comparables, le traitement est effectu\u00e9 exclusivement sur la base de ce consentement (article 6, paragraphe 1, point a) du RGPD et article 25, paragraphe 1 de la TDDDG) ; le consentement peut \u00eatre r\u00e9voqu\u00e9 \u00e0 tout moment.<\/p> <p>Vous pouvez configurer votre navigateur de mani\u00e8re \u00e0 \u00eatre inform\u00e9 de l'installation de cookies et \u00e0 n'autoriser les cookies qu'au cas par cas, \u00e0 exclure l'acceptation de cookies dans certains cas ou de mani\u00e8re g\u00e9n\u00e9rale, et \u00e0 activer la suppression automatique des cookies \u00e0 la fermeture du navigateur. En cas de d\u00e9sactivation des cookies, la fonctionnalit\u00e9 de ce site web peut \u00eatre limit\u00e9e.<\/p> <p>Pour savoir quels cookies et services sont utilis\u00e9s sur ce site, veuillez consulter la pr\u00e9sente d\u00e9claration de confidentialit\u00e9.<\/p>\r\n<h3>Formulaire de contact<\/h3> <p>Si vous nous faites parvenir des demandes par le biais du formulaire de contact, les informations que vous avez fournies dans le formulaire de demande, y compris les donn\u00e9es de contact que vous y avez indiqu\u00e9es, sont enregistr\u00e9es chez nous \u00e0 des fins de traitement de la demande et en cas de questions de suivi. Nous ne transmettons pas ces donn\u00e9es sans votre consentement.<\/p> <p>Le traitement de ces donn\u00e9es est fond\u00e9 sur l'article 6, paragraphe 1, point b), du RGPD, dans la mesure o\u00f9 votre demande est li\u00e9e \u00e0 l'ex\u00e9cution d'un contrat ou est n\u00e9cessaire \u00e0 l'ex\u00e9cution de mesures pr\u00e9contractuelles. Dans tous les autres cas, le traitement repose sur notre int\u00e9r\u00eat l\u00e9gitime \u00e0 traiter efficacement les demandes qui nous sont adress\u00e9es (article 6, paragraphe 1, point f) du RGPD) ou sur votre consentement (article 6, paragraphe 1, point a) du RGPD) dans la mesure o\u00f9 celui-ci a \u00e9t\u00e9 demand\u00e9 ; le consentement peut \u00eatre retir\u00e9 \u00e0 tout moment.<\/p> <p>Les donn\u00e9es que vous avez saisies dans le formulaire de contact restent chez nous jusqu'\u00e0 ce que vous nous demandiez de les supprimer, que vous r\u00e9voquiez votre autorisation de les enregistrer ou que le but de l'enregistrement des donn\u00e9es devienne caduc (par ex. apr\u00e8s le traitement de votre demande). Les dispositions l\u00e9gales contraignantes - en particulier les d\u00e9lais de conservation - ne sont pas affect\u00e9es.<\/p>\r\n<h3>Demande par e-mail, t\u00e9l\u00e9phone ou fax<\/h3> <p>Si vous nous contactez par e-mail, t\u00e9l\u00e9phone ou fax, votre demande, y compris toutes les donn\u00e9es personnelles qui en d\u00e9coulent (nom, demande), sera enregistr\u00e9e et trait\u00e9e par nos soins dans le but de traiter votre demande. Nous ne transmettons pas ces donn\u00e9es sans votre consentement.<\/p> <p>Le traitement de ces donn\u00e9es est fond\u00e9 sur l'article 6, paragraphe 1, point b), du RGPD, dans la mesure o\u00f9 votre demande est li\u00e9e \u00e0 l'ex\u00e9cution d'un contrat ou est n\u00e9cessaire \u00e0 l'ex\u00e9cution de mesures pr\u00e9contractuelles. Dans tous les autres cas, le traitement repose sur notre int\u00e9r\u00eat l\u00e9gitime \u00e0 traiter efficacement les demandes qui nous sont adress\u00e9es (article 6, paragraphe 1, point f) du RGPD) ou sur votre consentement (article 6, paragraphe 1, point a) du RGPD) dans la mesure o\u00f9 celui-ci a \u00e9t\u00e9 demand\u00e9 ; le consentement peut \u00eatre retir\u00e9 \u00e0 tout moment.<\/p> <p>Les donn\u00e9es que vous nous avez envoy\u00e9es par le biais de demandes de contact restent chez nous jusqu'\u00e0 ce que vous nous demandiez de les effacer, que vous r\u00e9voquiez votre consentement \u00e0 leur stockage ou que le but du stockage des donn\u00e9es devienne caduc (par exemple apr\u00e8s le traitement de votre demande). Les dispositions l\u00e9gales contraignantes - en particulier les d\u00e9lais de conservation l\u00e9gaux - ne sont pas affect\u00e9es.<\/p>\r\n<h3>Fonction de commentaire sur ce site web<\/h3> <p>Pour la fonction de commentaire sur cette page, nous enregistrons, outre votre commentaire, les donn\u00e9es relatives au moment de la cr\u00e9ation du commentaire, votre adresse e-mail et, si vous ne publiez pas anonymement, le nom d'utilisateur que vous avez choisi.<\/p>\r\n<h4>Dur\u00e9e de conservation des commentaires<\/h4> <p>Les commentaires et les donn\u00e9es associ\u00e9es sont enregistr\u00e9s et restent sur ce site jusqu'\u00e0 ce que le contenu comment\u00e9 soit enti\u00e8rement supprim\u00e9 ou que les commentaires doivent \u00eatre supprim\u00e9s pour des raisons juridiques (par exemple, commentaires offensants).<\/p>\r\n<h4>Base juridique<\/h4> <p>L'enregistrement des commentaires se fait sur la base de votre consentement (article 6, paragraphe 1, point a du RGPD). Vous pouvez r\u00e9voquer \u00e0 tout moment le consentement que vous avez donn\u00e9. Il suffit pour cela de nous envoyer un message informel par e-mail. La l\u00e9galit\u00e9 des op\u00e9rations de traitement des donn\u00e9es d\u00e9j\u00e0 effectu\u00e9es n'est pas affect\u00e9e par la r\u00e9vocation.<\/p>\r\n<h2>5. les m\u00e9dias sociaux<\/h2>\r\n<h3>\u00c9l\u00e9ments de m\u00e9dias sociaux avec Shariff<\/h3> <p>Des \u00e9l\u00e9ments de m\u00e9dias sociaux sont utilis\u00e9s sur ce site web (par exemple Facebook, X, Instagram, Pinterest, XING, LinkedIn, Tumblr).<\/p> <p>En r\u00e8gle g\u00e9n\u00e9rale, vous pouvez reconna\u00eetre les \u00e9l\u00e9ments de m\u00e9dias sociaux gr\u00e2ce aux logos de m\u00e9dias sociaux correspondants. Afin de garantir la protection des donn\u00e9es sur ce site web, nous utilisons ces \u00e9l\u00e9ments uniquement avec la solution dite \"Shariff\". Cette application emp\u00eache les \u00e9l\u00e9ments de m\u00e9dias sociaux int\u00e9gr\u00e9s sur ce site web de transmettre vos donn\u00e9es personnelles au fournisseur concern\u00e9 d\u00e8s la premi\u00e8re visite de la page.<\/p> <p>Ce n'est que lorsque vous activez l'\u00e9l\u00e9ment de m\u00e9dia social concern\u00e9 en cliquant sur le bouton correspondant qu'une connexion directe au serveur du fournisseur est \u00e9tablie (consentement). D\u00e8s que vous activez l'\u00e9l\u00e9ment de m\u00e9dia social, le fournisseur concern\u00e9 re\u00e7oit l'information selon laquelle vous avez visit\u00e9 ce site web avec votre adresse IP. Si vous \u00eates simultan\u00e9ment connect\u00e9 \u00e0 votre compte de m\u00e9dias sociaux respectif (par ex. Facebook), le fournisseur respectif peut attribuer la visite de ce site web \u00e0 votre compte d'utilisateur.<\/p> <p>L'activation du plugin constitue un consentement au sens de l'article 6, paragraphe 1, point a) du RGPD et de l'article 25, paragraphe 1 de la TDDDG. Vous pouvez r\u00e9voquer ce consentement \u00e0 tout moment avec effet pour l'avenir.<\/p> <p>L'utilisation du service a lieu afin d'obtenir les consentements prescrits par la loi pour l'utilisation de certaines technologies. La base juridique pour cela est l'article 6, paragraphe 1, point c du DSGVO.<\/p>\r\n<h3>Facebook<\/h3> <p>Des \u00e9l\u00e9ments du r\u00e9seau social Facebook sont int\u00e9gr\u00e9s sur ce site web. Le fournisseur de ce service est Meta Platforms Ireland Limited, Merrion Road, Dublin 4, D04 X2K5, Irlande. Toutefois, selon Facebook, les donn\u00e9es collect\u00e9es sont \u00e9galement transf\u00e9r\u00e9es aux \u00c9tats-Unis et dans d'autres pays tiers.<\/p> <p>Vous trouverez ici un aper\u00e7u des \u00e9l\u00e9ments de Facebook Social Media :\nhttps:\/\/developers.facebook.com\/docs\/plugins\/?locale=de_DE. <a href=\"https:\/\/developers.facebook.com\/docs\/plugins\/?locale=de_DE\" target=\"_blank\" rel=\"noopener noreferrer\">https:\/\/developers.facebook.com\/docs\/plugins\/?locale=de_DE<\/a>.<\/p> <p>Lorsque l'\u00e9l\u00e9ment de m\u00e9dia social est actif, une connexion directe est \u00e9tablie entre votre terminal et le serveur Facebook. Facebook re\u00e7oit ainsi l'information que vous avez visit\u00e9 ce site web avec votre adresse IP. Si vous cliquez sur le bouton \"J'aime\" de Facebook alors que vous \u00eates connect\u00e9 \u00e0 votre compte Facebook, vous pouvez cr\u00e9er un lien vers le contenu de ce site web sur votre profil Facebook. Facebook peut ainsi attribuer la visite de ce site web \u00e0 votre compte d'utilisateur. Nous attirons votre attention sur le fait qu'en tant que fournisseur des pages, nous n'avons pas connaissance du contenu des donn\u00e9es transmises ni de leur utilisation par Facebook. Vous trouverez de plus amples informations \u00e0 ce sujet dans la d\u00e9claration de protection des donn\u00e9es de Facebook sous:https:\/\/de-de.facebook.com\/privacy\/explanation <a href=\"https:\/\/de-de.facebook.com\/privacy\/explanation\" target=\"_blank\" rel=\"noopener noreferrer\">https:\/\/de-de.facebook.com\/privacy\/explanation<\/a>.<\/p> <p>L'utilisation de ce service se fait sur la base de votre consentement conform\u00e9ment \u00e0 l'article 6, paragraphe 1, point a), du DSGVO et \u00e0 l'article 25, paragraphe 1, de la TDDDG. Ce consentement peut \u00eatre r\u00e9voqu\u00e9 \u00e0 tout moment.<\/p> <p>Dans la mesure o\u00f9 des donn\u00e9es personnelles sont collect\u00e9es sur notre site web \u00e0 l'aide de l'outil d\u00e9crit ici et transmises \u00e0 Facebook, nous et Meta Platforms Ireland Limited, 4 Grand Canal Square, Grand Canal Harbour, Dublin 2, Irlande, sommes conjointement responsables de ce traitement de donn\u00e9es (art. 26 RGPD). La responsabilit\u00e9 commune se limite exclusivement \u00e0 la collecte des donn\u00e9es et \u00e0 leur transmission \u00e0 Facebook. Le traitement effectu\u00e9 par Facebook apr\u00e8s la transmission ne fait pas partie de la responsabilit\u00e9 commune. Les obligations qui nous incombent conjointement ont \u00e9t\u00e9 consign\u00e9es dans un accord de traitement conjoint. Le texte de l'accord est disponible \u00e0 l'adresse suivante:https:\/\/www.facebook.com\/legal\/controller_addendum. Selon cet accord, nous sommes responsables de la fourniture des informations relatives \u00e0 la protection des donn\u00e9es lors de l'utilisation de l'outil Facebook et de la mise en \u0153uvre de l'outil sur notre site web en toute s\u00e9curit\u00e9 du point de vue de la protection des donn\u00e9es. Facebook est responsable de la s\u00e9curit\u00e9 des donn\u00e9es des produits Facebook. Vous pouvez faire valoir les droits des personnes concern\u00e9es (par ex. demande d'information) concernant les donn\u00e9es trait\u00e9es par Facebook directement aupr\u00e8s de Facebook. Si vous faites valoir vos droits aupr\u00e8s de nous, nous sommes tenus de les transmettre \u00e0 Facebook. <a href=\"https:\/\/www.facebook.com\/legal\/controller_addendum\" target=\"_blank\" rel=\"noopener noreferrer\">https:\/\/www.facebook.com\/legal\/controller_addendum<\/a>. Laut dieser Vereinbarung sind wir f&uuml;r die Erteilung der Datenschutzinformationen beim Einsatz des Facebook-Tools und f&uuml;r die datenschutzrechtlich sichere Implementierung des Tools auf unserer Website verantwortlich. F&uuml;r die Datensicherheit der Facebook-Produkte ist Facebook verantwortlich. Betroffenenrechte (z.&nbsp;B. Auskunftsersuchen) hinsichtlich der bei Facebook verarbeiteten Daten k&ouml;nnen Sie direkt bei Facebook geltend machen. Wenn Sie die Betroffenenrechte bei uns geltend machen, sind wir verpflichtet, diese an Facebook weiterzuleiten.<\/p> <p>Le transfert de donn\u00e9es vers les \u00c9tats-Unis est bas\u00e9 sur les clauses contractuelles standard de la Commission europ\u00e9enne. Vous trouverez les d\u00e9tails ici :\nhttps:\/\/www.facebook.com\/legal\/EU_data_transfer_addendum, https:\/\/privacycenter.instagram.com\/policy\/ und \nhttps:\/\/de-de.facebook.com\/help\/566994660333381. <a href=\"https:\/\/www.facebook.com\/legal\/EU_data_transfer_addendum\" target=\"_blank\" rel=\"noopener noreferrer\">https:\/\/www.facebook.com\/legal\/EU_data_transfer_addendum<\/a>, <a href=\"https:\/\/de-de.facebook.com\/help\/566994660333381\" target=\"_blank\" rel=\"noopener noreferrer\">https:\/\/de-de.facebook.com\/help\/566994660333381<\/a> und <a href=\"https:\/\/www.facebook.com\/policy.php\" target=\"_blank\" rel=\"noopener noreferrer\">https:\/\/www.facebook.com\/policy.php<\/a>.<\/p>\r\n<p>L'entreprise dispose d'une certification selon le \"EU-US Data Privacy Framework\" (DPF). Le DPF est un accord entre l'Union europ\u00e9enne et les \u00c9tats-Unis visant \u00e0 garantir le respect des normes europ\u00e9ennes en mati\u00e8re de protection des donn\u00e9es lors du traitement des donn\u00e9es aux \u00c9tats-Unis. Toute entreprise certifi\u00e9e selon le DPF s'engage \u00e0 respecter ces normes de protection des donn\u00e9es. Pour plus d'informations \u00e0 ce sujet, veuillez contacter le fournisseur en cliquant sur le lien suivant :\nhttps:\/\/www.dataprivacyframework.gov\/s\/participant-search\/participant-detail?contact=true&amp;id=a2zt0000000GnywAAC&amp;status=Active. <a href=\"https:\/\/www.dataprivacyframework.gov\/s\/participant-search\/participant-detail?contact=true&id=a2zt0000000GnywAAC&status=Active\" target=\"_blank\" rel=\"noopener noreferrer\">https:\/\/www.dataprivacyframework.gov\/s\/participant-search\/participant-detail?contact=true&id=a2zt0000000GnywAAC&status=Active<\/a>.<\/p>\r\n<h3>Instagram<\/h3> <p>Des fonctions du service Instagram sont int\u00e9gr\u00e9es sur ce site web. Ces fonctions sont propos\u00e9es par Meta Platforms Ireland Limited, Merrion Road, Dublin 4, D04 X2K5, Irlande.<\/p> <p>Lorsque l'\u00e9l\u00e9ment de m\u00e9dia social est actif, une connexion directe est \u00e9tablie entre votre terminal et le serveur Instagram. Instagram re\u00e7oit ainsi des informations sur la visite de ce site web de votre part.<\/p> <p>Si vous \u00eates connect\u00e9 \u00e0 votre compte Instagram, vous pouvez, en cliquant sur le bouton Instagram, relier le contenu de ce site web \u00e0 votre profil Instagram. Instagram peut ainsi associer la visite de ce site web \u00e0 votre compte d'utilisateur. Nous attirons votre attention sur le fait qu'en tant que fournisseur des pages, nous n'avons pas connaissance du contenu des donn\u00e9es transmises ni de leur utilisation par Instagram.<\/p> <p>L'utilisation de ce service se fait sur la base de votre consentement conform\u00e9ment \u00e0 l'article 6, paragraphe 1, point a), du DSGVO et \u00e0 l'article 25, paragraphe 1, de la TDDDG. Ce consentement peut \u00eatre r\u00e9voqu\u00e9 \u00e0 tout moment.<\/p> <p>Dans la mesure o\u00f9 des donn\u00e9es personnelles sont collect\u00e9es sur notre site web \u00e0 l'aide de l'outil d\u00e9crit ici et transmises \u00e0 Facebook ou Instagram, nous et Meta Platforms Ireland Limited, 4 Grand Canal Square, Grand Canal Harbour, Dublin 2, Irlande, sommes conjointement responsables de ce traitement de donn\u00e9es (art. 26 RGPD). La responsabilit\u00e9 commune se limite exclusivement \u00e0 la collecte des donn\u00e9es et \u00e0 leur transmission \u00e0 Facebook ou Instagram. Le traitement effectu\u00e9 par Facebook ou Instagram apr\u00e8s la transmission ne fait pas partie de la responsabilit\u00e9 commune. Les obligations qui nous incombent conjointement ont \u00e9t\u00e9 consign\u00e9es dans un accord de traitement conjoint. Le texte de l'accord est disponible \u00e0 l'adresse suivante :https:\/\/www.facebook.com\/legal\/controller_addendum.\n En vertu de cet accord, nous sommes responsables de la fourniture des informations relatives \u00e0 la protection des donn\u00e9es lors de l'utilisation de l'outil Facebook ou Instagram et de la mise en \u0153uvre de l'outil sur notre site web dans le respect de la protection des donn\u00e9es. Facebook est responsable de la s\u00e9curit\u00e9 des donn\u00e9es des produits Facebook ou Instagram. Vous pouvez faire valoir les droits des personnes concern\u00e9es (par ex. demande d'information) concernant les donn\u00e9es trait\u00e9es par Facebook ou Instagram directement aupr\u00e8s de Facebook. Si vous faites valoir les droits des personnes concern\u00e9es aupr\u00e8s de nous, nous sommes tenus de les transmettre \u00e0 Facebook. <a href=\"https:\/\/www.facebook.com\/legal\/controller_addendum\" target=\"_blank\" rel=\"noopener noreferrer\">https:\/\/www.facebook.com\/legal\/controller_addendum<\/a>. Laut dieser Vereinbarung sind wir f&uuml;r die Erteilung der Datenschutzinformationen beim Einsatz des Facebook- bzw. Instagram-Tools und f&uuml;r die datenschutzrechtlich sichere Implementierung des Tools auf unserer Website verantwortlich. F&uuml;r die Datensicherheit der Facebook bzw. Instagram-Produkte ist Facebook verantwortlich. Betroffenenrechte (z.&nbsp;B. Auskunftsersuchen) hinsichtlich der bei Facebook bzw. Instagram verarbeiteten Daten k&ouml;nnen Sie direkt bei Facebook geltend machen. Wenn Sie die Betroffenenrechte bei uns geltend machen, sind wir verpflichtet, diese an Facebook weiterzuleiten.<\/p> <p>Le transfert de donn\u00e9es vers les \u00c9tats-Unis est bas\u00e9 sur les clauses contractuelles standard de la Commission europ\u00e9enne. Vous trouverez les d\u00e9tails ici :\nhttps:\/\/www.facebook.com\/legal\/EU_data_transfer_addendum, https:\/\/privacycenter.instagram.com\/policy\/ und \nhttps:\/\/de-de.facebook.com\/help\/566994660333381. <a href=\"https:\/\/www.facebook.com\/legal\/EU_data_transfer_addendum\" target=\"_blank\" rel=\"noopener noreferrer\">https:\/\/www.facebook.com\/legal\/EU_data_transfer_addendum<\/a>, <a href=\"https:\/\/privacycenter.instagram.com\/policy\/\" target=\"_blank\" rel=\"noopener noreferrer\">https:\/\/privacycenter.instagram.com\/policy\/<\/a> und <a href=\"https:\/\/de-de.facebook.com\/help\/566994660333381\" target=\"_blank\" rel=\"noopener noreferrer\">https:\/\/de-de.facebook.com\/help\/566994660333381<\/a>.<\/p> <p>Pour plus d'informations \u00e0 ce sujet, veuillez consulter la d\u00e9claration de confidentialit\u00e9 d'Instagram :\nhttps:\/\/privacycenter.instagram.com\/policy\/. <a href=\"https:\/\/privacycenter.instagram.com\/policy\/\" target=\"_blank\" rel=\"noopener noreferrer\">https:\/\/privacycenter.instagram.com\/policy\/<\/a>.<\/p>\r\n<p>L'entreprise dispose d'une certification selon le \"EU-US Data Privacy Framework\" (DPF). Le DPF est un accord entre l'Union europ\u00e9enne et les \u00c9tats-Unis visant \u00e0 garantir le respect des normes europ\u00e9ennes en mati\u00e8re de protection des donn\u00e9es lors du traitement des donn\u00e9es aux \u00c9tats-Unis. Toute entreprise certifi\u00e9e selon le DPF s'engage \u00e0 respecter ces normes de protection des donn\u00e9es. Pour plus d'informations \u00e0 ce sujet, veuillez contacter le fournisseur en cliquant sur le lien suivant :\nhttps:\/\/www.dataprivacyframework.gov\/s\/participant-search\/participant-detail?contact=true&amp;id=a2zt0000000GnywAAC&amp;status=Active. <a href=\"https:\/\/www.dataprivacyframework.gov\/s\/participant-search\/participant-detail?contact=true&id=a2zt0000000GnywAAC&status=Active\" target=\"_blank\" rel=\"noopener noreferrer\">https:\/\/www.dataprivacyframework.gov\/s\/participant-search\/participant-detail?contact=true&id=a2zt0000000GnywAAC&status=Active<\/a>.<\/p>\r\n<h2>6. bulletin d'information<\/h2>\r\n<h3>Donn\u00e9es de la newsletter<\/h3> <p>Si vous souhaitez recevoir la newsletter propos\u00e9e sur le site, nous avons besoin d'une adresse e-mail ainsi que d'informations qui nous permettent de v\u00e9rifier que vous \u00eates bien le propri\u00e9taire de l'adresse e-mail indiqu\u00e9e et que vous acceptez de recevoir la newsletter. D'autres donn\u00e9es ne sont pas collect\u00e9es ou uniquement sur une base volontaire. Nous utilisons ces donn\u00e9es exclusivement pour l'envoi des informations demand\u00e9es et ne les transmettons pas \u00e0 des tiers.<\/p> <p>Le traitement des donn\u00e9es saisies dans le formulaire d'inscription \u00e0 la newsletter s'effectue exclusivement sur la base de votre consentement (article 6, paragraphe 1, point a) du RGPD). Vous pouvez r\u00e9voquer \u00e0 tout moment votre consentement \u00e0 l'enregistrement des donn\u00e9es, de l'adresse e-mail et de leur utilisation pour l'envoi de la newsletter, par exemple en cliquant sur le lien \"se d\u00e9sinscrire\" dans la newsletter. La l\u00e9galit\u00e9 des op\u00e9rations de traitement des donn\u00e9es d\u00e9j\u00e0 effectu\u00e9es n'est pas affect\u00e9e par la r\u00e9vocation.<\/p> <p>Les donn\u00e9es que vous avez d\u00e9pos\u00e9es chez nous dans le but de recevoir la newsletter sont enregistr\u00e9es par nous ou par le fournisseur de services de la newsletter jusqu'\u00e0 ce que vous vous d\u00e9sabonniez de la newsletter et sont supprim\u00e9es de la liste de distribution de la newsletter apr\u00e8s le d\u00e9sabonnement de la newsletter ou si la finalit\u00e9 n'est plus respect\u00e9e. Nous nous r\u00e9servons le droit de supprimer ou de bloquer des adresses e-mail de notre liste de diffusion de la newsletter, \u00e0 notre discr\u00e9tion, dans le cadre de notre int\u00e9r\u00eat l\u00e9gitime selon l'article 6, paragraphe 1, point f) du RGPD.<\/p> <p>Les donn\u00e9es qui ont \u00e9t\u00e9 enregistr\u00e9es chez nous \u00e0 d'autres fins n'en sont pas affect\u00e9es.<\/p> <p>Apr\u00e8s votre d\u00e9sinscription de la liste de distribution de la newsletter, votre adresse e-mail sera \u00e9ventuellement enregistr\u00e9e dans une liste noire chez nous ou chez le fournisseur de services de la newsletter, dans la mesure o\u00f9 cela est n\u00e9cessaire pour emp\u00eacher de futurs mailings. Les donn\u00e9es de la liste noire ne sont utilis\u00e9es qu'\u00e0 cette fin et ne sont pas recoup\u00e9es avec d'autres donn\u00e9es. Cela sert \u00e0 la fois votre int\u00e9r\u00eat et notre int\u00e9r\u00eat \u00e0 respecter les exigences l\u00e9gales lors de l'envoi de newsletters (int\u00e9r\u00eat l\u00e9gitime au sens de l'article 6, paragraphe 1, point f du RGPD). L'enregistrement dans la liste noire n'est pas limit\u00e9 dans le temps. <strong>Vous pouvez vous opposer \u00e0 l'enregistrement si vos int\u00e9r\u00eats pr\u00e9valent sur notre int\u00e9r\u00eat l\u00e9gitime.<\/strong><\/p>\r\n<h2>7. plugins et outils<\/h2>\r\n<h3>Google Fonts (h\u00e9bergement local)<\/h3> <p>Ce site utilise ce que l'on appelle les Google Fonts, mis \u00e0 disposition par Google, pour la repr\u00e9sentation homog\u00e8ne des polices de caract\u00e8res. Les Google Fonts sont install\u00e9s localement. Une connexion aux serveurs de Google n'a pas lieu.<\/p> <p>Pour plus d'informations sur Google Fonts, voir:\nhttps:\/\/policies.google.com\/privacy?hl=de. <a href=\"https:\/\/developers.google.com\/fonts\/faq\" target=\"_blank\" rel=\"noopener noreferrer\">https:\/\/developers.google.com\/fonts\/faq<\/a> und in der Datenschutzerkl&auml;rung von Google: <a href=\"https:\/\/policies.google.com\/privacy?hl=de\" target=\"_blank\" rel=\"noopener noreferrer\">https:\/\/policies.google.com\/privacy?hl=de<\/a>.<\/p>\r\n<h3>Google Maps<\/h3> <p>Ce site utilise le service de cartographie Google Maps. Le fournisseur est Google Ireland Limited (\"Google\"), Gordon House, Barrow Street, Dublin 4, Irlande. Ce service nous permet d'int\u00e9grer des cartes sur notre site.<\/p> <p>Pour utiliser les fonctions de Google Maps, il est n\u00e9cessaire d'enregistrer votre adresse IP. Cette information est g\u00e9n\u00e9ralement transmise \u00e0 un serveur de Google aux \u00c9tats-Unis et y est enregistr\u00e9e. Le fournisseur de ce site n'a aucune influence sur cette transmission de donn\u00e9es. Si Google Maps est activ\u00e9, Google peut utiliser Google Fonts \u00e0 des fins de pr\u00e9sentation uniforme des polices de caract\u00e8res. Lors de l'appel de Google Maps, votre navigateur charge les Web Fonts n\u00e9cessaires dans le cache de votre navigateur afin d'afficher correctement les textes et les polices.<\/p> <p>L'utilisation de Google Maps a lieu dans l'int\u00e9r\u00eat d'une pr\u00e9sentation attrayante de nos offres en ligne et d'un rep\u00e9rage facile des lieux que nous avons indiqu\u00e9s sur le site web. Cela constitue un int\u00e9r\u00eat l\u00e9gitime au sens de l'article 6, paragraphe 1, point f) du RGPD. Dans la mesure o\u00f9 un consentement correspondant a \u00e9t\u00e9 demand\u00e9, le traitement s'effectue exclusivement sur la base de l'article 6, paragraphe 1, point a), du RGPD et de l'article 25, paragraphe 1, de la loi TDDDG, dans la mesure o\u00f9 le consentement inclut le stockage de cookies ou l'acc\u00e8s \u00e0 des informations dans le terminal de l'utilisateur (par ex. Device-Fingerprinting) au sens de la loi TDDDG. Le consentement est r\u00e9vocable \u00e0 tout moment.<\/p> <p>Le transfert de donn\u00e9es vers les \u00c9tats-Unis est bas\u00e9 sur les clauses contractuelles standard de la Commission europ\u00e9enne. Vous trouverez les d\u00e9tails ici :\nhttps:\/\/www.facebook.com\/legal\/EU_data_transfer_addendum, https:\/\/privacycenter.instagram.com\/policy\/ und \nhttps:\/\/de-de.facebook.com\/help\/566994660333381. <a href=\"https:\/\/privacy.google.com\/businesses\/gdprcontrollerterms\/\" target=\"_blank\" rel=\"noopener noreferrer\">https:\/\/privacy.google.com\/businesses\/gdprcontrollerterms\/<\/a> und <a href=\"https:\/\/privacy.google.com\/businesses\/gdprcontrollerterms\/sccs\/\" target=\"_blank\" rel=\"noopener noreferrer\">https:\/\/privacy.google.com\/businesses\/gdprcontrollerterms\/sccs\/<\/a>.<\/p> <p>Vous trouverez plus d'informations sur le traitement des donn\u00e9es des utilisateurs dans la d\u00e9claration de confidentialit\u00e9 de Google :\nhttps:\/\/www.dataprivacyframework.gov\/participant\/5780. <a href=\"https:\/\/policies.google.com\/privacy?hl=de\" target=\"_blank\" rel=\"noopener noreferrer\">https:\/\/policies.google.com\/privacy?hl=de<\/a>.<\/p>\r\n<p>L'entreprise dispose d'une certification selon le \"EU-US Data Privacy Framework\" (DPF). Le DPF est un accord entre l'Union europ\u00e9enne et les \u00c9tats-Unis visant \u00e0 garantir le respect des normes europ\u00e9ennes en mati\u00e8re de protection des donn\u00e9es lors du traitement des donn\u00e9es aux \u00c9tats-Unis. Toute entreprise certifi\u00e9e selon le DPF s'engage \u00e0 respecter ces normes de protection des donn\u00e9es. Pour plus d'informations \u00e0 ce sujet, veuillez contacter le fournisseur en cliquant sur le lien suivant :\nhttps:\/\/www.dataprivacyframework.gov\/s\/participant-search\/participant-detail?contact=true&amp;id=a2zt0000000GnywAAC&amp;status=Active. <a href=\"https:\/\/www.dataprivacyframework.gov\/participant\/5780\" target=\"_blank\" rel=\"noopener noreferrer\">https:\/\/www.dataprivacyframework.gov\/participant\/5780<\/a>.<\/p>\r\n<h3>Google reCAPTCHA<\/h3> <p>Wir nutzen \u201eGoogle reCAPTCHA\u201c (im Folgenden \u201ereCAPTCHA\u201c) auf dieser Website. Anbieter ist die Google Ireland Limited (\u201eGoogle\u201c), Gordon House, Barrow Street, Dublin 4, Irland.<\/p> <p>L'objectif de reCAPTCHA est de v\u00e9rifier si la saisie de donn\u00e9es sur ce site web (par exemple dans un formulaire de contact) est effectu\u00e9e par un \u00eatre humain ou par un programme automatis\u00e9. Pour ce faire, reCAPTCHA analyse le comportement du visiteur du site web \u00e0 l'aide de diff\u00e9rentes caract\u00e9ristiques. Cette analyse commence automatiquement d\u00e8s que le visiteur du site web entre sur le site. Pour l'analyse, reCAPTCHA \u00e9value diff\u00e9rentes informations (par exemple l'adresse IP, le temps pass\u00e9 par le visiteur sur le site web ou les mouvements de souris effectu\u00e9s par l'utilisateur). Les donn\u00e9es collect\u00e9es lors de l'analyse sont transmises \u00e0 Google.<\/p> <p>Les analyses reCAPTCHA s'effectuent enti\u00e8rement en arri\u00e8re-plan. Les visiteurs du site web ne sont pas inform\u00e9s qu'une analyse est en cours.<\/p> <p>Le stockage et l'analyse des donn\u00e9es sont effectu\u00e9s sur la base de l'article 6, paragraphe 1, point f du RGPD. L'exploitant du site web a un int\u00e9r\u00eat l\u00e9gitime \u00e0 prot\u00e9ger ses offres web contre l'espionnage automatis\u00e9 abusif et le SPAM. Si un consentement correspondant a \u00e9t\u00e9 demand\u00e9, le traitement s'effectue exclusivement sur la base de l'article 6, paragraphe 1, point a), du DSGVO et de l'article 25, paragraphe 1, de la loi TDDDG, dans la mesure o\u00f9 le consentement inclut le stockage de cookies ou l'acc\u00e8s \u00e0 des informations dans le terminal de l'utilisateur (par ex. Device-Fingerprinting) au sens de la loi TDDDG. Le consentement est r\u00e9vocable \u00e0 tout moment.<\/p> <p>Pour plus d'informations sur Google reCAPTCHA, veuillez consulter les r\u00e8gles de confidentialit\u00e9 de Google et les conditions d'utilisation de Google en cliquant sur les liens suivants :\nhttps:\/\/policies.google.com\/privacy?hl=de und https:\/\/policies.google.com\/terms? <a href=\"https:\/\/policies.google.com\/privacy?hl=de\" target=\"_blank\" rel=\"noopener noreferrer\">https:\/\/policies.google.com\/privacy?hl=de<\/a> und <a href=\"https:\/\/policies.google.com\/terms?hl=de\" target=\"_blank\" rel=\"noopener noreferrer\">https:\/\/policies.google.com\/terms?hl=de<\/a>.<\/p>\r\n<p>L'entreprise dispose d'une certification selon le \"EU-US Data Privacy Framework\" (DPF). Le DPF est un accord entre l'Union europ\u00e9enne et les \u00c9tats-Unis visant \u00e0 garantir le respect des normes europ\u00e9ennes en mati\u00e8re de protection des donn\u00e9es lors du traitement des donn\u00e9es aux \u00c9tats-Unis. Toute entreprise certifi\u00e9e selon le DPF s'engage \u00e0 respecter ces normes de protection des donn\u00e9es. Pour plus d'informations \u00e0 ce sujet, veuillez contacter le fournisseur en cliquant sur le lien suivant :\nhttps:\/\/www.dataprivacyframework.gov\/s\/participant-search\/participant-detail?contact=true&amp;id=a2zt0000000GnywAAC&amp;status=Active. <a href=\"https:\/\/www.dataprivacyframework.gov\/participant\/5780\" target=\"_blank\" rel=\"noopener noreferrer\">https:\/\/www.dataprivacyframework.gov\/participant\/5780<\/a>.<\/p>\r\n<p>Source :https:\/\/www.e-recht24.de <a href=\"https:\/\/www.e-recht24.de\">https:\/\/www.e-recht24.de<\/a><\/p>\t\t<\/div>\n\t\t\t\t<\/div>\n\t\t\t\t\t<\/div>\n\t\t\t\t<\/div>\n\t\t\t\t<\/div>","protected":false},"excerpt":{"rendered":"<p>Datenschutzerkl\u00e4rung Datenschutz&shy;erkl&auml;rung 1. Datenschutz auf einen Blick Allgemeine Hinweise Die folgenden Hinweise geben einen einfachen &Uuml;berblick dar&uuml;ber, was mit Ihren personenbezogenen Daten passiert, wenn Sie diese Website besuchen. Personenbezogene Daten [&hellip;]<\/p>","protected":false},"author":1,"featured_media":0,"parent":0,"menu_order":0,"comment_status":"closed","ping_status":"closed","template":"","meta":{"footnotes":""},"class_list":["post-233","page","type-page","status-publish","hentry","entry"],"yoast_head":"<!-- This site is optimized with the Yoast SEO plugin v23.4 - https:\/\/yoast.com\/wordpress\/plugins\/seo\/ -->\n<title>Datenschutz - La-Rioja.eu<\/title>\n<meta name=\"robots\" content=\"index, follow, max-snippet:-1, max-image-preview:large, max-video-preview:-1\" \/>\n<link rel=\"canonical\" href=\"https:\/\/la-rioja.eu\/fr\/datenschutz\/\" \/>\n<meta property=\"og:locale\" content=\"fr_FR\" \/>\n<meta property=\"og:type\" content=\"article\" \/>\n<meta property=\"og:title\" content=\"Datenschutz - La-Rioja.eu\" \/>\n<meta property=\"og:description\" content=\"Datenschutzerkl\u00e4rung Datenschutz&shy;erkl&auml;rung 1. Datenschutz auf einen Blick Allgemeine Hinweise Die folgenden Hinweise geben einen einfachen &Uuml;berblick dar&uuml;ber, was mit Ihren personenbezogenen Daten passiert, wenn Sie diese Website besuchen. Personenbezogene Daten [&hellip;]\" \/>\n<meta property=\"og:url\" content=\"https:\/\/la-rioja.eu\/fr\/datenschutz\/\" \/>\n<meta property=\"og:site_name\" content=\"La-Rioja.eu\" \/>\n<meta property=\"article:publisher\" content=\"https:\/\/www.facebook.com\/larioja.schreckling\/\" \/>\n<meta property=\"article:modified_time\" content=\"2024-07-16T17:26:36+00:00\" \/>\n<meta name=\"twitter:card\" content=\"summary_large_image\" \/>\n<meta name=\"twitter:label1\" content=\"Dur\u00e9e de lecture estim\u00e9e\" \/>\n\t<meta name=\"twitter:data1\" content=\"26 minutes\" \/>\n<script type=\"application\/ld+json\" class=\"yoast-schema-graph\">{\"@context\":\"https:\/\/schema.org\",\"@graph\":[{\"@type\":\"WebPage\",\"@id\":\"https:\/\/la-rioja.eu\/datenschutz\/\",\"url\":\"https:\/\/la-rioja.eu\/datenschutz\/\",\"name\":\"Datenschutz - La-Rioja.eu\",\"isPartOf\":{\"@id\":\"https:\/\/la-rioja.eu\/#website\"},\"datePublished\":\"2024-06-27T12:17:20+00:00\",\"dateModified\":\"2024-07-16T17:26:36+00:00\",\"breadcrumb\":{\"@id\":\"https:\/\/la-rioja.eu\/datenschutz\/#breadcrumb\"},\"inLanguage\":\"fr-FR\",\"potentialAction\":[{\"@type\":\"ReadAction\",\"target\":[\"https:\/\/la-rioja.eu\/datenschutz\/\"]}]},{\"@type\":\"BreadcrumbList\",\"@id\":\"https:\/\/la-rioja.eu\/datenschutz\/#breadcrumb\",\"itemListElement\":[{\"@type\":\"ListItem\",\"position\":1,\"name\":\"Startseite\",\"item\":\"https:\/\/la-rioja.eu\/\"},{\"@type\":\"ListItem\",\"position\":2,\"name\":\"Datenschutz\"}]},{\"@type\":\"WebSite\",\"@id\":\"https:\/\/la-rioja.eu\/#website\",\"url\":\"https:\/\/la-rioja.eu\/\",\"name\":\"https:\/\/La-Rioja.eu\",\"description\":\"Das etwas andere Restaurant\",\"publisher\":{\"@id\":\"https:\/\/la-rioja.eu\/#organization\"},\"potentialAction\":[{\"@type\":\"SearchAction\",\"target\":{\"@type\":\"EntryPoint\",\"urlTemplate\":\"https:\/\/la-rioja.eu\/?s={search_term_string}\"},\"query-input\":{\"@type\":\"PropertyValueSpecification\",\"valueRequired\":true,\"valueName\":\"search_term_string\"}}],\"inLanguage\":\"fr-FR\"},{\"@type\":\"Organization\",\"@id\":\"https:\/\/la-rioja.eu\/#organization\",\"name\":\"https:\/\/La-Rioja.eu\",\"url\":\"https:\/\/la-rioja.eu\/\",\"logo\":{\"@type\":\"ImageObject\",\"inLanguage\":\"fr-FR\",\"@id\":\"https:\/\/la-rioja.eu\/#\/schema\/logo\/image\/\",\"url\":\"https:\/\/la-rioja.eu\/wp-content\/uploads\/2024\/09\/cropped-Logo_geaendert.jpg\",\"contentUrl\":\"https:\/\/la-rioja.eu\/wp-content\/uploads\/2024\/09\/cropped-Logo_geaendert.jpg\",\"width\":220,\"height\":135,\"caption\":\"https:\/\/La-Rioja.eu\"},\"image\":{\"@id\":\"https:\/\/la-rioja.eu\/#\/schema\/logo\/image\/\"},\"sameAs\":[\"https:\/\/www.facebook.com\/larioja.schreckling\/\"]}]}<\/script>\n<!-- \/ Yoast SEO plugin. -->","yoast_head_json":{"title":"Datenschutz - La-Rioja.eu","robots":{"index":"index","follow":"follow","max-snippet":"max-snippet:-1","max-image-preview":"max-image-preview:large","max-video-preview":"max-video-preview:-1"},"canonical":"https:\/\/la-rioja.eu\/fr\/datenschutz\/","og_locale":"fr_FR","og_type":"article","og_title":"Datenschutz - La-Rioja.eu","og_description":"Datenschutzerkl\u00e4rung Datenschutz&shy;erkl&auml;rung 1. Datenschutz auf einen Blick Allgemeine Hinweise Die folgenden Hinweise geben einen einfachen &Uuml;berblick dar&uuml;ber, was mit Ihren personenbezogenen Daten passiert, wenn Sie diese Website besuchen. Personenbezogene Daten [&hellip;]","og_url":"https:\/\/la-rioja.eu\/fr\/datenschutz\/","og_site_name":"La-Rioja.eu","article_publisher":"https:\/\/www.facebook.com\/larioja.schreckling\/","article_modified_time":"2024-07-16T17:26:36+00:00","twitter_card":"summary_large_image","twitter_misc":{"Dur\u00e9e de lecture estim\u00e9e":"26 minutes"},"schema":{"@context":"https:\/\/schema.org","@graph":[{"@type":"WebPage","@id":"https:\/\/la-rioja.eu\/datenschutz\/","url":"https:\/\/la-rioja.eu\/datenschutz\/","name":"Datenschutz - La-Rioja.eu","isPartOf":{"@id":"https:\/\/la-rioja.eu\/#website"},"datePublished":"2024-06-27T12:17:20+00:00","dateModified":"2024-07-16T17:26:36+00:00","breadcrumb":{"@id":"https:\/\/la-rioja.eu\/datenschutz\/#breadcrumb"},"inLanguage":"fr-FR","potentialAction":[{"@type":"ReadAction","target":["https:\/\/la-rioja.eu\/datenschutz\/"]}]},{"@type":"BreadcrumbList","@id":"https:\/\/la-rioja.eu\/datenschutz\/#breadcrumb","itemListElement":[{"@type":"ListItem","position":1,"name":"Startseite","item":"https:\/\/la-rioja.eu\/"},{"@type":"ListItem","position":2,"name":"Datenschutz"}]},{"@type":"WebSite","@id":"https:\/\/la-rioja.eu\/#website","url":"https:\/\/la-rioja.eu\/","name":"https:\/\/La-Rioja.eu","description":"Das etwas andere Restaurant","publisher":{"@id":"https:\/\/la-rioja.eu\/#organization"},"potentialAction":[{"@type":"SearchAction","target":{"@type":"EntryPoint","urlTemplate":"https:\/\/la-rioja.eu\/?s={search_term_string}"},"query-input":{"@type":"PropertyValueSpecification","valueRequired":true,"valueName":"search_term_string"}}],"inLanguage":"fr-FR"},{"@type":"Organization","@id":"https:\/\/la-rioja.eu\/#organization","name":"https:\/\/La-Rioja.eu","url":"https:\/\/la-rioja.eu\/","logo":{"@type":"ImageObject","inLanguage":"fr-FR","@id":"https:\/\/la-rioja.eu\/#\/schema\/logo\/image\/","url":"https:\/\/la-rioja.eu\/wp-content\/uploads\/2024\/09\/cropped-Logo_geaendert.jpg","contentUrl":"https:\/\/la-rioja.eu\/wp-content\/uploads\/2024\/09\/cropped-Logo_geaendert.jpg","width":220,"height":135,"caption":"https:\/\/La-Rioja.eu"},"image":{"@id":"https:\/\/la-rioja.eu\/#\/schema\/logo\/image\/"},"sameAs":["https:\/\/www.facebook.com\/larioja.schreckling\/"]}]}},"_links":{"self":[{"href":"https:\/\/la-rioja.eu\/fr\/wp-json\/wp\/v2\/pages\/233"}],"collection":[{"href":"https:\/\/la-rioja.eu\/fr\/wp-json\/wp\/v2\/pages"}],"about":[{"href":"https:\/\/la-rioja.eu\/fr\/wp-json\/wp\/v2\/types\/page"}],"author":[{"embeddable":true,"href":"https:\/\/la-rioja.eu\/fr\/wp-json\/wp\/v2\/users\/1"}],"replies":[{"embeddable":true,"href":"https:\/\/la-rioja.eu\/fr\/wp-json\/wp\/v2\/comments?post=233"}],"version-history":[{"count":7,"href":"https:\/\/la-rioja.eu\/fr\/wp-json\/wp\/v2\/pages\/233\/revisions"}],"predecessor-version":[{"id":377,"href":"https:\/\/la-rioja.eu\/fr\/wp-json\/wp\/v2\/pages\/233\/revisions\/377"}],"wp:attachment":[{"href":"https:\/\/la-rioja.eu\/fr\/wp-json\/wp\/v2\/media?parent=233"}],"curies":[{"name":"wp","href":"https:\/\/api.w.org\/{rel}","templated":true}]}}